{"id":4202,"date":"2023-03-21T10:47:55","date_gmt":"2023-03-21T10:47:55","guid":{"rendered":"https:\/\/www.faltabancuatrogotas.com\/nwf4g\/colibri-wp\/"},"modified":"2026-04-28T07:19:03","modified_gmt":"2026-04-28T07:19:03","slug":"colibri-wp","status":"publish","type":"page","link":"https:\/\/www.faltabancuatrogotas.com\/nwf4g\/","title":{"rendered":"Front Page"},"content":{"rendered":"<div data-colibri-id=\"4202-c1\" class=\"style-190 style-local-4202-c1 position-relative\">\n  <!---->\n  <div data-colibri-component=\"section\" data-colibri-id=\"4202-c2\" id=\"custom\" class=\"h-section h-section-global-spacing d-flex align-items-lg-end align-items-md-end align-items-end style-302 style-local-4202-c2 position-relative\">\n    <!---->\n    <!---->\n    <div class=\"h-section-grid-container h-section-boxed-container\">\n      <!---->\n      <div data-colibri-id=\"4202-c17\" class=\"h-row-container gutters-row-lg-1 gutters-row-md-1 gutters-row-0 gutters-row-v-lg-1 gutters-row-v-md-1 gutters-row-v-1 colibri-dynamic-list style-389 style-local-4202-c17 position-relative\">\n        <!---->\n        <div data-colibri-component=\"masonry\" class=\"h-row justify-content-lg-start justify-content-md-start justify-content-start align-items-lg-stretch align-items-md-stretch align-items-stretch gutters-col-lg-1 gutters-col-md-1 gutters-col-0 gutters-col-v-lg-1 gutters-col-v-md-1 gutters-col-v-1 style-389-row style-local-4202-c17-row\">\n          <!---->\n        <div class=\"h-column h-column-container d-flex h-col-lg-4 h-col-md-6 h-col-12 post-5249 post type-post status-publish format-standard has-post-thumbnail hentry category-temporada-2026 masonry-item style-390-outer style-local-4202-c18-outer\"><div data-colibri-id=\"4202-c18\" class=\"d-flex h-flex-basis h-column__inner h-px-lg-2 h-px-md-2 h-px-2 v-inner-lg-2 v-inner-md-2 v-inner-2 style-390 style-local-4202-c18 position-relative\"> <div class=\"w-100 h-y-container h-column__content h-column__v-align flex-basis-100 align-self-lg-start align-self-md-start align-self-start\"> <div data-href=\"https:\/\/www.faltabancuatrogotas.com\/nwf4g\/2026\/04\/26\/ruben-avello-y-victor-mendez-en-el-xlv-rallye-villa-de-tineo-18-de-abril-de-2026\/\" data-colibri-component=\"link\" data-colibri-id=\"4202-c19\" class=\"colibri-post-thumbnail colibri-post-has-thumbnail style-391 style-local-4202-c19 h-overflow-hidden position-relative h-element\"><div class=\"h-global-transition-all colibri-post-thumbnail-shortcode style-dynamic-4202-c19-height\">            <a href=\"https:\/\/www.faltabancuatrogotas.com\/nwf4g\/2026\/04\/26\/ruben-avello-y-victor-mendez-en-el-xlv-rallye-villa-de-tineo-18-de-abril-de-2026\/\" title=\"Rub\u00e9n Avello y V\u00edctor M\u00e9ndez en el XLV Rallye Villa de Tineo &#8211; 18 de abril de 2026\">\n\t\t\t\t<img loading=\"lazy\" decoding=\"async\" width=\"1620\" height=\"1080\" src=\"https:\/\/www.faltabancuatrogotas.com\/nwf4g\/wp-content\/uploads\/2026\/04\/FB_IMG_1776808606869.jpg\" class=\"attachment-post-thumbnail size-post-thumbnail wp-post-image\" alt=\"\" srcset=\"https:\/\/www.faltabancuatrogotas.com\/nwf4g\/wp-content\/uploads\/2026\/04\/FB_IMG_1776808606869.jpg 1620w, https:\/\/www.faltabancuatrogotas.com\/nwf4g\/wp-content\/uploads\/2026\/04\/FB_IMG_1776808606869-300x200.jpg 300w, https:\/\/www.faltabancuatrogotas.com\/nwf4g\/wp-content\/uploads\/2026\/04\/FB_IMG_1776808606869-1024x683.jpg 1024w, https:\/\/www.faltabancuatrogotas.com\/nwf4g\/wp-content\/uploads\/2026\/04\/FB_IMG_1776808606869-768x512.jpg 768w, https:\/\/www.faltabancuatrogotas.com\/nwf4g\/wp-content\/uploads\/2026\/04\/FB_IMG_1776808606869-1536x1024.jpg 1536w\" sizes=\"auto, (max-width: 1620px) 100vw, 1620px\" \/>            <\/a>\n\t\t\t<\/div> <div class=\"colibri-post-thumbnail-content align-items-lg-center align-items-md-center align-items-center flex-basis-100\"><div class=\"w-100 h-y-container\"> <\/div><\/div><\/div><div data-colibri-id=\"4202-c20\" class=\"h-row-container gutters-row-lg-2 gutters-row-md-2 gutters-row-2 gutters-row-v-lg-2 gutters-row-v-md-2 gutters-row-v-2 style-392 style-local-4202-c20 position-relative\"><div class=\"h-row justify-content-lg-center justify-content-md-center justify-content-center align-items-lg-stretch align-items-md-stretch align-items-stretch gutters-col-lg-2 gutters-col-md-2 gutters-col-2 gutters-col-v-lg-2 gutters-col-v-md-2 gutters-col-v-2\"> <div class=\"h-column h-column-container d-flex h-col-lg h-col-md h-col-auto style-393-outer style-local-4202-c21-outer\"><div data-colibri-id=\"4202-c21\" class=\"d-flex h-flex-basis h-column__inner h-px-lg-2 h-px-md-2 h-px-2 v-inner-lg-2 v-inner-md-2 v-inner-2 style-393 style-local-4202-c21 position-relative\"> <div class=\"w-100 h-y-container h-column__content h-column__v-align flex-basis-100 align-self-lg-start align-self-md-start align-self-start\"> <div data-colibri-id=\"4202-c22\" class=\"h-blog-categories style-394 style-local-4202-c22 position-relative h-element\"><div class=\"h-global-transition-all\"><a class=\"d-inline-block colibri-post-category\" href=\"https:\/\/www.faltabancuatrogotas.com\/nwf4g\/category\/plilotos\/temporada-2026\/\">Temporada 2026<\/a><\/div><\/div><div data-colibri-id=\"4202-c23\" class=\"h-blog-title style-395 style-local-4202-c23 position-relative h-element\"><div class=\"h-global-transition-all\"><a href=\"https:\/\/www.faltabancuatrogotas.com\/nwf4g\/2026\/04\/26\/ruben-avello-y-victor-mendez-en-el-xlv-rallye-villa-de-tineo-18-de-abril-de-2026\/\"><h4 class=\"colibri-word-wrap\">Rub\u00e9n Avello y V\u00edctor M\u00e9ndez en el XLV Rallye Villa de Tineo &#8211; 18 de abril de 2026<\/h4><\/a><\/div><\/div><div data-colibri-id=\"4202-c24\" class=\"style-396 style-local-4202-c24 position-relative h-element\"><div class=\"h-global-transition-all\"><div class=\"colibri-post-excerpt\">Tratando de testear el BMW tras alguna mejora respecto a las dos carreras de 2025, sal\u00edan Rub\u00e9n y V\u00edctor en su primera carrera dentro de la Copa Aramo Rozas para pelear contra la climatolog\u00eda, principalmente contra la niebla matutina. Se estrenaban ya con un tercer puesto [&hellip;]<\/div><\/div><\/div><\/div><\/div><\/div><\/div><\/div><div data-colibri-id=\"4202-c25\" class=\"h-row-container gutters-row-lg-2 gutters-row-md-2 gutters-row-2 gutters-row-v-lg-2 gutters-row-v-md-2 gutters-row-v-2 style-397 style-local-4202-c25 position-relative\"><div class=\"h-row justify-content-lg-center justify-content-md-center justify-content-center align-items-lg-stretch align-items-md-stretch align-items-stretch gutters-col-lg-2 gutters-col-md-2 gutters-col-2 gutters-col-v-lg-2 gutters-col-v-md-2 gutters-col-v-2\"> <div class=\"h-column h-column-container d-flex h-col-lg h-col-md h-col style-398-outer style-local-4202-c26-outer\"><div data-colibri-id=\"4202-c26\" class=\"d-flex h-flex-basis h-column__inner h-px-lg-2 h-px-md-2 h-px-2 v-inner-lg-0 v-inner-md-0 v-inner-0 style-398 style-local-4202-c26 position-relative\"> <div class=\"w-100 h-y-container h-column__content h-column__v-align flex-basis-100 align-self-lg-center align-self-md-center align-self-center\"> <div data-colibri-id=\"4202-c27\" class=\"h-blog-meta style-399 style-local-4202-c27 position-relative h-element\"><div class=\"metadata-item\"><span class=\"metadata-prefix\">by<\/span> <a href=\"https:\/\/www.faltabancuatrogotas.com\/nwf4g\/author\/hugo-gonzalez\/\">Hugo Gonz\u00e1lez<\/a> <span class=\"meta-separator\"><\/span><\/div><div class=\"metadata-item\"><span class=\"metadata-prefix\">on<\/span> <a href=\"https:\/\/www.faltabancuatrogotas.com\/nwf4g\/2026\/04\/26\/\">Abr 26<\/a><\/div><\/div><\/div><\/div><\/div><div class=\"h-column h-column-container d-flex h-col-lg-auto h-col-md-auto h-col-auto style-400-outer style-local-4202-c28-outer\"><div data-colibri-id=\"4202-c28\" class=\"d-flex h-flex-basis h-column__inner h-px-lg-2 h-px-md-2 h-px-2 v-inner-lg-0 v-inner-md-0 v-inner-0 style-400 style-local-4202-c28 position-relative\"> <div class=\"w-100 h-y-container h-column__content h-column__v-align flex-basis-auto align-self-lg-center align-self-md-center align-self-center\"> <div data-colibri-id=\"4202-c29\" class=\"h-x-container style-401 style-local-4202-c29 position-relative h-element\"><div class=\"h-x-container-inner style-dynamic-4202-c29-group\"><span class=\"h-button__outer style-402-outer style-local-4202-c30-outer d-inline-flex h-element\"><a href=\"https:\/\/www.faltabancuatrogotas.com\/nwf4g\/2026\/04\/26\/ruben-avello-y-victor-mendez-en-el-xlv-rallye-villa-de-tineo-18-de-abril-de-2026\/\" data-colibri-id=\"4202-c30\" class=\"d-flex w-100 align-items-center h-button justify-content-lg-center justify-content-md-center justify-content-center style-402 style-local-4202-c30 position-relative\"> <span>Read more<\/span> <span class=\"h-svg-icon h-button__icon style-402-icon style-local-4202-c30-icon\"><svg version=\"1.1\" xmlns=\"http:\/\/www.w3.org\/2000\/svg\" xmlns:xlink=\"http:\/\/www.w3.org\/1999\/xlink\" id=\"arrow-right\" viewBox=\"0 0 512 545.5\"><path d=\"M299.5 140.5l136 136 11 11.5-11 11.5-136 136-23-23L385 304H64v-32h321L276.5 163.5z\"><\/path><\/svg><\/span><\/a><\/span><\/div><\/div><\/div><\/div><\/div><\/div><\/div><\/div><\/div><\/div>\n      \n      \n        <div class=\"h-column h-column-container d-flex h-col-lg-4 h-col-md-6 h-col-12 post-5245 post type-post status-publish format-standard has-post-thumbnail hentry category-temporada-2026 masonry-item style-390-outer style-local-4202-c18-outer\"><div data-colibri-id=\"4202-c18\" class=\"d-flex h-flex-basis h-column__inner h-px-lg-2 h-px-md-2 h-px-2 v-inner-lg-2 v-inner-md-2 v-inner-2 style-390 style-local-4202-c18 position-relative\"> <div class=\"w-100 h-y-container h-column__content h-column__v-align flex-basis-100 align-self-lg-start align-self-md-start align-self-start\"> <div data-href=\"https:\/\/www.faltabancuatrogotas.com\/nwf4g\/2026\/04\/25\/felipe-garcia-y-martina-iglesias-en-el-xlv-rallye-villa-de-tineo-18-de-abril-de-2026\/\" data-colibri-component=\"link\" data-colibri-id=\"4202-c19\" class=\"colibri-post-thumbnail colibri-post-has-thumbnail style-391 style-local-4202-c19 h-overflow-hidden position-relative h-element\"><div class=\"h-global-transition-all colibri-post-thumbnail-shortcode style-dynamic-4202-c19-height\">            <a href=\"https:\/\/www.faltabancuatrogotas.com\/nwf4g\/2026\/04\/25\/felipe-garcia-y-martina-iglesias-en-el-xlv-rallye-villa-de-tineo-18-de-abril-de-2026\/\" title=\"Felipe Garc\u00eda y Martina Iglesias en el XLV Rallye Villa de Tineo &#8211; 18 de abril de 2026\">\n\t\t\t\t<img loading=\"lazy\" decoding=\"async\" width=\"1921\" height=\"1282\" src=\"https:\/\/www.faltabancuatrogotas.com\/nwf4g\/wp-content\/uploads\/2026\/04\/FB_IMG_1776957150159.jpg\" class=\"attachment-post-thumbnail size-post-thumbnail wp-post-image\" alt=\"\" srcset=\"https:\/\/www.faltabancuatrogotas.com\/nwf4g\/wp-content\/uploads\/2026\/04\/FB_IMG_1776957150159.jpg 1921w, https:\/\/www.faltabancuatrogotas.com\/nwf4g\/wp-content\/uploads\/2026\/04\/FB_IMG_1776957150159-300x200.jpg 300w, https:\/\/www.faltabancuatrogotas.com\/nwf4g\/wp-content\/uploads\/2026\/04\/FB_IMG_1776957150159-1024x683.jpg 1024w, https:\/\/www.faltabancuatrogotas.com\/nwf4g\/wp-content\/uploads\/2026\/04\/FB_IMG_1776957150159-768x513.jpg 768w, https:\/\/www.faltabancuatrogotas.com\/nwf4g\/wp-content\/uploads\/2026\/04\/FB_IMG_1776957150159-1536x1025.jpg 1536w\" sizes=\"auto, (max-width: 1921px) 100vw, 1921px\" \/>            <\/a>\n\t\t\t<\/div> <div class=\"colibri-post-thumbnail-content align-items-lg-center align-items-md-center align-items-center flex-basis-100\"><div class=\"w-100 h-y-container\"> <\/div><\/div><\/div><div data-colibri-id=\"4202-c20\" class=\"h-row-container gutters-row-lg-2 gutters-row-md-2 gutters-row-2 gutters-row-v-lg-2 gutters-row-v-md-2 gutters-row-v-2 style-392 style-local-4202-c20 position-relative\"><div class=\"h-row justify-content-lg-center justify-content-md-center justify-content-center align-items-lg-stretch align-items-md-stretch align-items-stretch gutters-col-lg-2 gutters-col-md-2 gutters-col-2 gutters-col-v-lg-2 gutters-col-v-md-2 gutters-col-v-2\"> <div class=\"h-column h-column-container d-flex h-col-lg h-col-md h-col-auto style-393-outer style-local-4202-c21-outer\"><div data-colibri-id=\"4202-c21\" class=\"d-flex h-flex-basis h-column__inner h-px-lg-2 h-px-md-2 h-px-2 v-inner-lg-2 v-inner-md-2 v-inner-2 style-393 style-local-4202-c21 position-relative\"> <div class=\"w-100 h-y-container h-column__content h-column__v-align flex-basis-100 align-self-lg-start align-self-md-start align-self-start\"> <div data-colibri-id=\"4202-c22\" class=\"h-blog-categories style-394 style-local-4202-c22 position-relative h-element\"><div class=\"h-global-transition-all\"><a class=\"d-inline-block colibri-post-category\" href=\"https:\/\/www.faltabancuatrogotas.com\/nwf4g\/category\/plilotos\/temporada-2026\/\">Temporada 2026<\/a><\/div><\/div><div data-colibri-id=\"4202-c23\" class=\"h-blog-title style-395 style-local-4202-c23 position-relative h-element\"><div class=\"h-global-transition-all\"><a href=\"https:\/\/www.faltabancuatrogotas.com\/nwf4g\/2026\/04\/25\/felipe-garcia-y-martina-iglesias-en-el-xlv-rallye-villa-de-tineo-18-de-abril-de-2026\/\"><h4 class=\"colibri-word-wrap\">Felipe Garc\u00eda y Martina Iglesias en el XLV Rallye Villa de Tineo &#8211; 18 de abril de 2026<\/h4><\/a><\/div><\/div><div data-colibri-id=\"4202-c24\" class=\"style-396 style-local-4202-c24 position-relative h-element\"><div class=\"h-global-transition-all\"><div class=\"colibri-post-excerpt\">No ten\u00edan suerte Felipe y Marti, pues a los tres kil\u00f3metros de salida del primer tramo se sal\u00eda la bola del selector de marchas, oblig\u00e1ndoles a terminar el tramo en tercera y tambi\u00e9n a abandonar. Tras reparar en el parque de asistencias, se reenganchaban en la [&hellip;]<\/div><\/div><\/div><\/div><\/div><\/div><\/div><\/div><div data-colibri-id=\"4202-c25\" class=\"h-row-container gutters-row-lg-2 gutters-row-md-2 gutters-row-2 gutters-row-v-lg-2 gutters-row-v-md-2 gutters-row-v-2 style-397 style-local-4202-c25 position-relative\"><div class=\"h-row justify-content-lg-center justify-content-md-center justify-content-center align-items-lg-stretch align-items-md-stretch align-items-stretch gutters-col-lg-2 gutters-col-md-2 gutters-col-2 gutters-col-v-lg-2 gutters-col-v-md-2 gutters-col-v-2\"> <div class=\"h-column h-column-container d-flex h-col-lg h-col-md h-col style-398-outer style-local-4202-c26-outer\"><div data-colibri-id=\"4202-c26\" class=\"d-flex h-flex-basis h-column__inner h-px-lg-2 h-px-md-2 h-px-2 v-inner-lg-0 v-inner-md-0 v-inner-0 style-398 style-local-4202-c26 position-relative\"> <div class=\"w-100 h-y-container h-column__content h-column__v-align flex-basis-100 align-self-lg-center align-self-md-center align-self-center\"> <div data-colibri-id=\"4202-c27\" class=\"h-blog-meta style-399 style-local-4202-c27 position-relative h-element\"><div class=\"metadata-item\"><span class=\"metadata-prefix\">by<\/span> <a href=\"https:\/\/www.faltabancuatrogotas.com\/nwf4g\/author\/hugo-gonzalez\/\">Hugo Gonz\u00e1lez<\/a> <span class=\"meta-separator\"><\/span><\/div><div class=\"metadata-item\"><span class=\"metadata-prefix\">on<\/span> <a href=\"https:\/\/www.faltabancuatrogotas.com\/nwf4g\/2026\/04\/25\/\">Abr 25<\/a><\/div><\/div><\/div><\/div><\/div><div class=\"h-column h-column-container d-flex h-col-lg-auto h-col-md-auto h-col-auto style-400-outer style-local-4202-c28-outer\"><div data-colibri-id=\"4202-c28\" class=\"d-flex h-flex-basis h-column__inner h-px-lg-2 h-px-md-2 h-px-2 v-inner-lg-0 v-inner-md-0 v-inner-0 style-400 style-local-4202-c28 position-relative\"> <div class=\"w-100 h-y-container h-column__content h-column__v-align flex-basis-auto align-self-lg-center align-self-md-center align-self-center\"> <div data-colibri-id=\"4202-c29\" class=\"h-x-container style-401 style-local-4202-c29 position-relative h-element\"><div class=\"h-x-container-inner style-dynamic-4202-c29-group\"><span class=\"h-button__outer style-402-outer style-local-4202-c30-outer d-inline-flex h-element\"><a href=\"https:\/\/www.faltabancuatrogotas.com\/nwf4g\/2026\/04\/25\/felipe-garcia-y-martina-iglesias-en-el-xlv-rallye-villa-de-tineo-18-de-abril-de-2026\/\" data-colibri-id=\"4202-c30\" class=\"d-flex w-100 align-items-center h-button justify-content-lg-center justify-content-md-center justify-content-center style-402 style-local-4202-c30 position-relative\"> <span>Read more<\/span> <span class=\"h-svg-icon h-button__icon style-402-icon style-local-4202-c30-icon\"><svg version=\"1.1\" xmlns=\"http:\/\/www.w3.org\/2000\/svg\" xmlns:xlink=\"http:\/\/www.w3.org\/1999\/xlink\" id=\"arrow-right\" viewBox=\"0 0 512 545.5\"><path d=\"M299.5 140.5l136 136 11 11.5-11 11.5-136 136-23-23L385 304H64v-32h321L276.5 163.5z\"><\/path><\/svg><\/span><\/a><\/span><\/div><\/div><\/div><\/div><\/div><\/div><\/div><\/div><\/div><\/div>\n      \n      \n        <div class=\"h-column h-column-container d-flex h-col-lg-4 h-col-md-6 h-col-12 post-5241 post type-post status-publish format-standard has-post-thumbnail hentry category-temporada-2026 masonry-item style-390-outer style-local-4202-c18-outer\"><div data-colibri-id=\"4202-c18\" class=\"d-flex h-flex-basis h-column__inner h-px-lg-2 h-px-md-2 h-px-2 v-inner-lg-2 v-inner-md-2 v-inner-2 style-390 style-local-4202-c18 position-relative\"> <div class=\"w-100 h-y-container h-column__content h-column__v-align flex-basis-100 align-self-lg-start align-self-md-start align-self-start\"> <div data-href=\"https:\/\/www.faltabancuatrogotas.com\/nwf4g\/2026\/04\/24\/manuel-pedrayes-en-la-xix-subida-a-aia-21-de-marzo-de-2026\/\" data-colibri-component=\"link\" data-colibri-id=\"4202-c19\" class=\"colibri-post-thumbnail colibri-post-has-thumbnail style-391 style-local-4202-c19 h-overflow-hidden position-relative h-element\"><div class=\"h-global-transition-all colibri-post-thumbnail-shortcode style-dynamic-4202-c19-height\">            <a href=\"https:\/\/www.faltabancuatrogotas.com\/nwf4g\/2026\/04\/24\/manuel-pedrayes-en-la-xix-subida-a-aia-21-de-marzo-de-2026\/\" title=\"Manuel Pedrayes en la XIX Subida a Aia &#8211; 21 de marzo de 2026\">\n\t\t\t\t<img loading=\"lazy\" decoding=\"async\" width=\"1079\" height=\"719\" src=\"https:\/\/www.faltabancuatrogotas.com\/nwf4g\/wp-content\/uploads\/2026\/04\/FB_IMG_1776961957840.jpg\" class=\"attachment-post-thumbnail size-post-thumbnail wp-post-image\" alt=\"\" srcset=\"https:\/\/www.faltabancuatrogotas.com\/nwf4g\/wp-content\/uploads\/2026\/04\/FB_IMG_1776961957840.jpg 1079w, https:\/\/www.faltabancuatrogotas.com\/nwf4g\/wp-content\/uploads\/2026\/04\/FB_IMG_1776961957840-300x200.jpg 300w, https:\/\/www.faltabancuatrogotas.com\/nwf4g\/wp-content\/uploads\/2026\/04\/FB_IMG_1776961957840-1024x682.jpg 1024w, https:\/\/www.faltabancuatrogotas.com\/nwf4g\/wp-content\/uploads\/2026\/04\/FB_IMG_1776961957840-768x512.jpg 768w\" sizes=\"auto, (max-width: 1079px) 100vw, 1079px\" \/>            <\/a>\n\t\t\t<\/div> <div class=\"colibri-post-thumbnail-content align-items-lg-center align-items-md-center align-items-center flex-basis-100\"><div class=\"w-100 h-y-container\"> <\/div><\/div><\/div><div data-colibri-id=\"4202-c20\" class=\"h-row-container gutters-row-lg-2 gutters-row-md-2 gutters-row-2 gutters-row-v-lg-2 gutters-row-v-md-2 gutters-row-v-2 style-392 style-local-4202-c20 position-relative\"><div class=\"h-row justify-content-lg-center justify-content-md-center justify-content-center align-items-lg-stretch align-items-md-stretch align-items-stretch gutters-col-lg-2 gutters-col-md-2 gutters-col-2 gutters-col-v-lg-2 gutters-col-v-md-2 gutters-col-v-2\"> <div class=\"h-column h-column-container d-flex h-col-lg h-col-md h-col-auto style-393-outer style-local-4202-c21-outer\"><div data-colibri-id=\"4202-c21\" class=\"d-flex h-flex-basis h-column__inner h-px-lg-2 h-px-md-2 h-px-2 v-inner-lg-2 v-inner-md-2 v-inner-2 style-393 style-local-4202-c21 position-relative\"> <div class=\"w-100 h-y-container h-column__content h-column__v-align flex-basis-100 align-self-lg-start align-self-md-start align-self-start\"> <div data-colibri-id=\"4202-c22\" class=\"h-blog-categories style-394 style-local-4202-c22 position-relative h-element\"><div class=\"h-global-transition-all\"><a class=\"d-inline-block colibri-post-category\" href=\"https:\/\/www.faltabancuatrogotas.com\/nwf4g\/category\/plilotos\/temporada-2026\/\">Temporada 2026<\/a><\/div><\/div><div data-colibri-id=\"4202-c23\" class=\"h-blog-title style-395 style-local-4202-c23 position-relative h-element\"><div class=\"h-global-transition-all\"><a href=\"https:\/\/www.faltabancuatrogotas.com\/nwf4g\/2026\/04\/24\/manuel-pedrayes-en-la-xix-subida-a-aia-21-de-marzo-de-2026\/\"><h4 class=\"colibri-word-wrap\">Manuel Pedrayes en la XIX Subida a Aia &#8211; 21 de marzo de 2026<\/h4><\/a><\/div><\/div><div data-colibri-id=\"4202-c24\" class=\"style-396 style-local-4202-c24 position-relative h-element\"><div class=\"h-global-transition-all\"><div class=\"colibri-post-excerpt\">Debutaba nuestro piloto en el Campeonato vasco de Monta\u00f1a con la idea de dar mucho espect\u00e1culo y mostrarse entonado entre la cantidad de BMW que habitualmente plagan las listas del certamen. As\u00ed, olvidado del crono, firm\u00f3 cuatro mangas r\u00e1pidas y espectaculares, que fueron reconocidas por el [&hellip;]<\/div><\/div><\/div><\/div><\/div><\/div><\/div><\/div><div data-colibri-id=\"4202-c25\" class=\"h-row-container gutters-row-lg-2 gutters-row-md-2 gutters-row-2 gutters-row-v-lg-2 gutters-row-v-md-2 gutters-row-v-2 style-397 style-local-4202-c25 position-relative\"><div class=\"h-row justify-content-lg-center justify-content-md-center justify-content-center align-items-lg-stretch align-items-md-stretch align-items-stretch gutters-col-lg-2 gutters-col-md-2 gutters-col-2 gutters-col-v-lg-2 gutters-col-v-md-2 gutters-col-v-2\"> <div class=\"h-column h-column-container d-flex h-col-lg h-col-md h-col style-398-outer style-local-4202-c26-outer\"><div data-colibri-id=\"4202-c26\" class=\"d-flex h-flex-basis h-column__inner h-px-lg-2 h-px-md-2 h-px-2 v-inner-lg-0 v-inner-md-0 v-inner-0 style-398 style-local-4202-c26 position-relative\"> <div class=\"w-100 h-y-container h-column__content h-column__v-align flex-basis-100 align-self-lg-center align-self-md-center align-self-center\"> <div data-colibri-id=\"4202-c27\" class=\"h-blog-meta style-399 style-local-4202-c27 position-relative h-element\"><div class=\"metadata-item\"><span class=\"metadata-prefix\">by<\/span> <a href=\"https:\/\/www.faltabancuatrogotas.com\/nwf4g\/author\/hugo-gonzalez\/\">Hugo Gonz\u00e1lez<\/a> <span class=\"meta-separator\"><\/span><\/div><div class=\"metadata-item\"><span class=\"metadata-prefix\">on<\/span> <a href=\"https:\/\/www.faltabancuatrogotas.com\/nwf4g\/2026\/04\/24\/\">Abr 24<\/a><\/div><\/div><\/div><\/div><\/div><div class=\"h-column h-column-container d-flex h-col-lg-auto h-col-md-auto h-col-auto style-400-outer style-local-4202-c28-outer\"><div data-colibri-id=\"4202-c28\" class=\"d-flex h-flex-basis h-column__inner h-px-lg-2 h-px-md-2 h-px-2 v-inner-lg-0 v-inner-md-0 v-inner-0 style-400 style-local-4202-c28 position-relative\"> <div class=\"w-100 h-y-container h-column__content h-column__v-align flex-basis-auto align-self-lg-center align-self-md-center align-self-center\"> <div data-colibri-id=\"4202-c29\" class=\"h-x-container style-401 style-local-4202-c29 position-relative h-element\"><div class=\"h-x-container-inner style-dynamic-4202-c29-group\"><span class=\"h-button__outer style-402-outer style-local-4202-c30-outer d-inline-flex h-element\"><a href=\"https:\/\/www.faltabancuatrogotas.com\/nwf4g\/2026\/04\/24\/manuel-pedrayes-en-la-xix-subida-a-aia-21-de-marzo-de-2026\/\" data-colibri-id=\"4202-c30\" class=\"d-flex w-100 align-items-center h-button justify-content-lg-center justify-content-md-center justify-content-center style-402 style-local-4202-c30 position-relative\"> <span>Read more<\/span> <span class=\"h-svg-icon h-button__icon style-402-icon style-local-4202-c30-icon\"><svg version=\"1.1\" xmlns=\"http:\/\/www.w3.org\/2000\/svg\" xmlns:xlink=\"http:\/\/www.w3.org\/1999\/xlink\" id=\"arrow-right\" viewBox=\"0 0 512 545.5\"><path d=\"M299.5 140.5l136 136 11 11.5-11 11.5-136 136-23-23L385 304H64v-32h321L276.5 163.5z\"><\/path><\/svg><\/span><\/a><\/span><\/div><\/div><\/div><\/div><\/div><\/div><\/div><\/div><\/div><\/div>\n      \n      \n        <div class=\"h-column h-column-container d-flex h-col-lg-4 h-col-md-6 h-col-12 post-5237 post type-post status-publish format-standard has-post-thumbnail hentry category-temporada-2026 masonry-item style-390-outer style-local-4202-c18-outer\"><div data-colibri-id=\"4202-c18\" class=\"d-flex h-flex-basis h-column__inner h-px-lg-2 h-px-md-2 h-px-2 v-inner-lg-2 v-inner-md-2 v-inner-2 style-390 style-local-4202-c18 position-relative\"> <div class=\"w-100 h-y-container h-column__content h-column__v-align flex-basis-100 align-self-lg-start align-self-md-start align-self-start\"> <div data-href=\"https:\/\/www.faltabancuatrogotas.com\/nwf4g\/2026\/04\/23\/jairo-perez-y-roberto-rodriguez-en-el-vi-rs-de-llanera-14-de-marzo-de-2026\/\" data-colibri-component=\"link\" data-colibri-id=\"4202-c19\" class=\"colibri-post-thumbnail colibri-post-has-thumbnail style-391 style-local-4202-c19 h-overflow-hidden position-relative h-element\"><div class=\"h-global-transition-all colibri-post-thumbnail-shortcode style-dynamic-4202-c19-height\">            <a href=\"https:\/\/www.faltabancuatrogotas.com\/nwf4g\/2026\/04\/23\/jairo-perez-y-roberto-rodriguez-en-el-vi-rs-de-llanera-14-de-marzo-de-2026\/\" title=\"Jairo P\u00e9rez y Roberto Rodr\u00edguez en el VI RS de Llanera &#8211; 14 de marzo de 2026\">\n\t\t\t\t<img loading=\"lazy\" decoding=\"async\" width=\"1397\" height=\"862\" src=\"https:\/\/www.faltabancuatrogotas.com\/nwf4g\/wp-content\/uploads\/2026\/04\/FB_IMG_1776951365466.jpg\" class=\"attachment-post-thumbnail size-post-thumbnail wp-post-image\" alt=\"\" srcset=\"https:\/\/www.faltabancuatrogotas.com\/nwf4g\/wp-content\/uploads\/2026\/04\/FB_IMG_1776951365466.jpg 1397w, https:\/\/www.faltabancuatrogotas.com\/nwf4g\/wp-content\/uploads\/2026\/04\/FB_IMG_1776951365466-300x185.jpg 300w, https:\/\/www.faltabancuatrogotas.com\/nwf4g\/wp-content\/uploads\/2026\/04\/FB_IMG_1776951365466-1024x632.jpg 1024w, https:\/\/www.faltabancuatrogotas.com\/nwf4g\/wp-content\/uploads\/2026\/04\/FB_IMG_1776951365466-768x474.jpg 768w\" sizes=\"auto, (max-width: 1397px) 100vw, 1397px\" \/>            <\/a>\n\t\t\t<\/div> <div class=\"colibri-post-thumbnail-content align-items-lg-center align-items-md-center align-items-center flex-basis-100\"><div class=\"w-100 h-y-container\"> <\/div><\/div><\/div><div data-colibri-id=\"4202-c20\" class=\"h-row-container gutters-row-lg-2 gutters-row-md-2 gutters-row-2 gutters-row-v-lg-2 gutters-row-v-md-2 gutters-row-v-2 style-392 style-local-4202-c20 position-relative\"><div class=\"h-row justify-content-lg-center justify-content-md-center justify-content-center align-items-lg-stretch align-items-md-stretch align-items-stretch gutters-col-lg-2 gutters-col-md-2 gutters-col-2 gutters-col-v-lg-2 gutters-col-v-md-2 gutters-col-v-2\"> <div class=\"h-column h-column-container d-flex h-col-lg h-col-md h-col-auto style-393-outer style-local-4202-c21-outer\"><div data-colibri-id=\"4202-c21\" class=\"d-flex h-flex-basis h-column__inner h-px-lg-2 h-px-md-2 h-px-2 v-inner-lg-2 v-inner-md-2 v-inner-2 style-393 style-local-4202-c21 position-relative\"> <div class=\"w-100 h-y-container h-column__content h-column__v-align flex-basis-100 align-self-lg-start align-self-md-start align-self-start\"> <div data-colibri-id=\"4202-c22\" class=\"h-blog-categories style-394 style-local-4202-c22 position-relative h-element\"><div class=\"h-global-transition-all\"><a class=\"d-inline-block colibri-post-category\" href=\"https:\/\/www.faltabancuatrogotas.com\/nwf4g\/category\/plilotos\/temporada-2026\/\">Temporada 2026<\/a><\/div><\/div><div data-colibri-id=\"4202-c23\" class=\"h-blog-title style-395 style-local-4202-c23 position-relative h-element\"><div class=\"h-global-transition-all\"><a href=\"https:\/\/www.faltabancuatrogotas.com\/nwf4g\/2026\/04\/23\/jairo-perez-y-roberto-rodriguez-en-el-vi-rs-de-llanera-14-de-marzo-de-2026\/\"><h4 class=\"colibri-word-wrap\">Jairo P\u00e9rez y Roberto Rodr\u00edguez en el VI RS de Llanera &#8211; 14 de marzo de 2026<\/h4><\/a><\/div><\/div><div data-colibri-id=\"4202-c24\" class=\"style-396 style-local-4202-c24 position-relative h-element\"><div class=\"h-global-transition-all\"><div class=\"colibri-post-excerpt\">Tras m\u00e1s de un a\u00f1o sin competir con el Saxo, volv\u00edan nuestros amigos a la actividad con un ritmo tan alto que les llevaba al und\u00e9cimo puesto de la general en el primer tramo, como segundos de clase. A\u00fan con m\u00e1s ritmo afrontaban la segunda pasada, [&hellip;]<\/div><\/div><\/div><\/div><\/div><\/div><\/div><\/div><div data-colibri-id=\"4202-c25\" class=\"h-row-container gutters-row-lg-2 gutters-row-md-2 gutters-row-2 gutters-row-v-lg-2 gutters-row-v-md-2 gutters-row-v-2 style-397 style-local-4202-c25 position-relative\"><div class=\"h-row justify-content-lg-center justify-content-md-center justify-content-center align-items-lg-stretch align-items-md-stretch align-items-stretch gutters-col-lg-2 gutters-col-md-2 gutters-col-2 gutters-col-v-lg-2 gutters-col-v-md-2 gutters-col-v-2\"> <div class=\"h-column h-column-container d-flex h-col-lg h-col-md h-col style-398-outer style-local-4202-c26-outer\"><div data-colibri-id=\"4202-c26\" class=\"d-flex h-flex-basis h-column__inner h-px-lg-2 h-px-md-2 h-px-2 v-inner-lg-0 v-inner-md-0 v-inner-0 style-398 style-local-4202-c26 position-relative\"> <div class=\"w-100 h-y-container h-column__content h-column__v-align flex-basis-100 align-self-lg-center align-self-md-center align-self-center\"> <div data-colibri-id=\"4202-c27\" class=\"h-blog-meta style-399 style-local-4202-c27 position-relative h-element\"><div class=\"metadata-item\"><span class=\"metadata-prefix\">by<\/span> <a href=\"https:\/\/www.faltabancuatrogotas.com\/nwf4g\/author\/hugo-gonzalez\/\">Hugo Gonz\u00e1lez<\/a> <span class=\"meta-separator\"><\/span><\/div><div class=\"metadata-item\"><span class=\"metadata-prefix\">on<\/span> <a href=\"https:\/\/www.faltabancuatrogotas.com\/nwf4g\/2026\/04\/23\/\">Abr 23<\/a><\/div><\/div><\/div><\/div><\/div><div class=\"h-column h-column-container d-flex h-col-lg-auto h-col-md-auto h-col-auto style-400-outer style-local-4202-c28-outer\"><div data-colibri-id=\"4202-c28\" class=\"d-flex h-flex-basis h-column__inner h-px-lg-2 h-px-md-2 h-px-2 v-inner-lg-0 v-inner-md-0 v-inner-0 style-400 style-local-4202-c28 position-relative\"> <div class=\"w-100 h-y-container h-column__content h-column__v-align flex-basis-auto align-self-lg-center align-self-md-center align-self-center\"> <div data-colibri-id=\"4202-c29\" class=\"h-x-container style-401 style-local-4202-c29 position-relative h-element\"><div class=\"h-x-container-inner style-dynamic-4202-c29-group\"><span class=\"h-button__outer style-402-outer style-local-4202-c30-outer d-inline-flex h-element\"><a href=\"https:\/\/www.faltabancuatrogotas.com\/nwf4g\/2026\/04\/23\/jairo-perez-y-roberto-rodriguez-en-el-vi-rs-de-llanera-14-de-marzo-de-2026\/\" data-colibri-id=\"4202-c30\" class=\"d-flex w-100 align-items-center h-button justify-content-lg-center justify-content-md-center justify-content-center style-402 style-local-4202-c30 position-relative\"> <span>Read more<\/span> <span class=\"h-svg-icon h-button__icon style-402-icon style-local-4202-c30-icon\"><svg version=\"1.1\" xmlns=\"http:\/\/www.w3.org\/2000\/svg\" xmlns:xlink=\"http:\/\/www.w3.org\/1999\/xlink\" id=\"arrow-right\" viewBox=\"0 0 512 545.5\"><path d=\"M299.5 140.5l136 136 11 11.5-11 11.5-136 136-23-23L385 304H64v-32h321L276.5 163.5z\"><\/path><\/svg><\/span><\/a><\/span><\/div><\/div><\/div><\/div><\/div><\/div><\/div><\/div><\/div><\/div>\n      \n      \n        <div class=\"h-column h-column-container d-flex h-col-lg-4 h-col-md-6 h-col-12 post-5233 post type-post status-publish format-standard has-post-thumbnail hentry category-temporada-2025 masonry-item style-390-outer style-local-4202-c18-outer\"><div data-colibri-id=\"4202-c18\" class=\"d-flex h-flex-basis h-column__inner h-px-lg-2 h-px-md-2 h-px-2 v-inner-lg-2 v-inner-md-2 v-inner-2 style-390 style-local-4202-c18 position-relative\"> <div class=\"w-100 h-y-container h-column__content h-column__v-align flex-basis-100 align-self-lg-start align-self-md-start align-self-start\"> <div data-href=\"https:\/\/www.faltabancuatrogotas.com\/nwf4g\/2026\/04\/17\/patxi-rey-y-david-pena-en-el-vi-rs-de-tierra-villadangos-del-paramo-13-de-diciembre-de-2025\/\" data-colibri-component=\"link\" data-colibri-id=\"4202-c19\" class=\"colibri-post-thumbnail colibri-post-has-thumbnail style-391 style-local-4202-c19 h-overflow-hidden position-relative h-element\"><div class=\"h-global-transition-all colibri-post-thumbnail-shortcode style-dynamic-4202-c19-height\">            <a href=\"https:\/\/www.faltabancuatrogotas.com\/nwf4g\/2026\/04\/17\/patxi-rey-y-david-pena-en-el-vi-rs-de-tierra-villadangos-del-paramo-13-de-diciembre-de-2025\/\" title=\"Patxi Rey y David Pe\u00f1a en el VI RS de Tierra Villadangos del P\u00e1ramo &#8211; 13 de diciembre de 2025\">\n\t\t\t\t<img loading=\"lazy\" decoding=\"async\" width=\"1179\" height=\"904\" src=\"https:\/\/www.faltabancuatrogotas.com\/nwf4g\/wp-content\/uploads\/2026\/04\/IMG-20260413-WA0008.jpg\" class=\"attachment-post-thumbnail size-post-thumbnail wp-post-image\" alt=\"\" srcset=\"https:\/\/www.faltabancuatrogotas.com\/nwf4g\/wp-content\/uploads\/2026\/04\/IMG-20260413-WA0008.jpg 1179w, https:\/\/www.faltabancuatrogotas.com\/nwf4g\/wp-content\/uploads\/2026\/04\/IMG-20260413-WA0008-300x230.jpg 300w, https:\/\/www.faltabancuatrogotas.com\/nwf4g\/wp-content\/uploads\/2026\/04\/IMG-20260413-WA0008-1024x785.jpg 1024w, https:\/\/www.faltabancuatrogotas.com\/nwf4g\/wp-content\/uploads\/2026\/04\/IMG-20260413-WA0008-768x589.jpg 768w\" sizes=\"auto, (max-width: 1179px) 100vw, 1179px\" \/>            <\/a>\n\t\t\t<\/div> <div class=\"colibri-post-thumbnail-content align-items-lg-center align-items-md-center align-items-center flex-basis-100\"><div class=\"w-100 h-y-container\"> <\/div><\/div><\/div><div data-colibri-id=\"4202-c20\" class=\"h-row-container gutters-row-lg-2 gutters-row-md-2 gutters-row-2 gutters-row-v-lg-2 gutters-row-v-md-2 gutters-row-v-2 style-392 style-local-4202-c20 position-relative\"><div class=\"h-row justify-content-lg-center justify-content-md-center justify-content-center align-items-lg-stretch align-items-md-stretch align-items-stretch gutters-col-lg-2 gutters-col-md-2 gutters-col-2 gutters-col-v-lg-2 gutters-col-v-md-2 gutters-col-v-2\"> <div class=\"h-column h-column-container d-flex h-col-lg h-col-md h-col-auto style-393-outer style-local-4202-c21-outer\"><div data-colibri-id=\"4202-c21\" class=\"d-flex h-flex-basis h-column__inner h-px-lg-2 h-px-md-2 h-px-2 v-inner-lg-2 v-inner-md-2 v-inner-2 style-393 style-local-4202-c21 position-relative\"> <div class=\"w-100 h-y-container h-column__content h-column__v-align flex-basis-100 align-self-lg-start align-self-md-start align-self-start\"> <div data-colibri-id=\"4202-c22\" class=\"h-blog-categories style-394 style-local-4202-c22 position-relative h-element\"><div class=\"h-global-transition-all\"><a class=\"d-inline-block colibri-post-category\" href=\"https:\/\/www.faltabancuatrogotas.com\/nwf4g\/category\/plilotos\/temporada-2025\/\">Temporada 2025<\/a><\/div><\/div><div data-colibri-id=\"4202-c23\" class=\"h-blog-title style-395 style-local-4202-c23 position-relative h-element\"><div class=\"h-global-transition-all\"><a href=\"https:\/\/www.faltabancuatrogotas.com\/nwf4g\/2026\/04\/17\/patxi-rey-y-david-pena-en-el-vi-rs-de-tierra-villadangos-del-paramo-13-de-diciembre-de-2025\/\"><h4 class=\"colibri-word-wrap\">Patxi Rey y David Pe\u00f1a en el VI RS de Tierra Villadangos del P\u00e1ramo &#8211; 13 de diciembre de 2025<\/h4><\/a><\/div><\/div><div data-colibri-id=\"4202-c24\" class=\"style-396 style-local-4202-c24 position-relative h-element\"><div class=\"h-global-transition-all\"><div class=\"colibri-post-excerpt\">Con el peque\u00f1o Micra, sal\u00edan nuestros amigos a un tramo que, tras una semana de lluvias, estaba tan embarrado que resultaba, sobretodo, divertido. En la primera pasada marcaban 13&#8217;44\u00bb y se colocaban en el puesto 24, como s\u00e9ptimos entre los Micra, bajando casi 30&#8243; en la [&hellip;]<\/div><\/div><\/div><\/div><\/div><\/div><\/div><\/div><div data-colibri-id=\"4202-c25\" class=\"h-row-container gutters-row-lg-2 gutters-row-md-2 gutters-row-2 gutters-row-v-lg-2 gutters-row-v-md-2 gutters-row-v-2 style-397 style-local-4202-c25 position-relative\"><div class=\"h-row justify-content-lg-center justify-content-md-center justify-content-center align-items-lg-stretch align-items-md-stretch align-items-stretch gutters-col-lg-2 gutters-col-md-2 gutters-col-2 gutters-col-v-lg-2 gutters-col-v-md-2 gutters-col-v-2\"> <div class=\"h-column h-column-container d-flex h-col-lg h-col-md h-col style-398-outer style-local-4202-c26-outer\"><div data-colibri-id=\"4202-c26\" class=\"d-flex h-flex-basis h-column__inner h-px-lg-2 h-px-md-2 h-px-2 v-inner-lg-0 v-inner-md-0 v-inner-0 style-398 style-local-4202-c26 position-relative\"> <div class=\"w-100 h-y-container h-column__content h-column__v-align flex-basis-100 align-self-lg-center align-self-md-center align-self-center\"> <div data-colibri-id=\"4202-c27\" class=\"h-blog-meta style-399 style-local-4202-c27 position-relative h-element\"><div class=\"metadata-item\"><span class=\"metadata-prefix\">by<\/span> <a href=\"https:\/\/www.faltabancuatrogotas.com\/nwf4g\/author\/hugo-gonzalez\/\">Hugo Gonz\u00e1lez<\/a> <span class=\"meta-separator\"><\/span><\/div><div class=\"metadata-item\"><span class=\"metadata-prefix\">on<\/span> <a href=\"https:\/\/www.faltabancuatrogotas.com\/nwf4g\/2026\/04\/17\/\">Abr 17<\/a><\/div><\/div><\/div><\/div><\/div><div class=\"h-column h-column-container d-flex h-col-lg-auto h-col-md-auto h-col-auto style-400-outer style-local-4202-c28-outer\"><div data-colibri-id=\"4202-c28\" class=\"d-flex h-flex-basis h-column__inner h-px-lg-2 h-px-md-2 h-px-2 v-inner-lg-0 v-inner-md-0 v-inner-0 style-400 style-local-4202-c28 position-relative\"> <div class=\"w-100 h-y-container h-column__content h-column__v-align flex-basis-auto align-self-lg-center align-self-md-center align-self-center\"> <div data-colibri-id=\"4202-c29\" class=\"h-x-container style-401 style-local-4202-c29 position-relative h-element\"><div class=\"h-x-container-inner style-dynamic-4202-c29-group\"><span class=\"h-button__outer style-402-outer style-local-4202-c30-outer d-inline-flex h-element\"><a href=\"https:\/\/www.faltabancuatrogotas.com\/nwf4g\/2026\/04\/17\/patxi-rey-y-david-pena-en-el-vi-rs-de-tierra-villadangos-del-paramo-13-de-diciembre-de-2025\/\" data-colibri-id=\"4202-c30\" class=\"d-flex w-100 align-items-center h-button justify-content-lg-center justify-content-md-center justify-content-center style-402 style-local-4202-c30 position-relative\"> <span>Read more<\/span> <span class=\"h-svg-icon h-button__icon style-402-icon style-local-4202-c30-icon\"><svg version=\"1.1\" xmlns=\"http:\/\/www.w3.org\/2000\/svg\" xmlns:xlink=\"http:\/\/www.w3.org\/1999\/xlink\" id=\"arrow-right\" viewBox=\"0 0 512 545.5\"><path d=\"M299.5 140.5l136 136 11 11.5-11 11.5-136 136-23-23L385 304H64v-32h321L276.5 163.5z\"><\/path><\/svg><\/span><\/a><\/span><\/div><\/div><\/div><\/div><\/div><\/div><\/div><\/div><\/div><\/div>\n      \n      \n        <div class=\"h-column h-column-container d-flex h-col-lg-4 h-col-md-6 h-col-12 post-5229 post type-post status-publish format-standard has-post-thumbnail hentry category-temporada-2025 masonry-item style-390-outer style-local-4202-c18-outer\"><div data-colibri-id=\"4202-c18\" class=\"d-flex h-flex-basis h-column__inner h-px-lg-2 h-px-md-2 h-px-2 v-inner-lg-2 v-inner-md-2 v-inner-2 style-390 style-local-4202-c18 position-relative\"> <div class=\"w-100 h-y-container h-column__content h-column__v-align flex-basis-100 align-self-lg-start align-self-md-start align-self-start\"> <div data-href=\"https:\/\/www.faltabancuatrogotas.com\/nwf4g\/2026\/04\/07\/manuel-pedrayes-en-la-i-fiesta-del-motor-sariegos-22-de-noviembre-de-2025\/\" data-colibri-component=\"link\" data-colibri-id=\"4202-c19\" class=\"colibri-post-thumbnail colibri-post-has-thumbnail style-391 style-local-4202-c19 h-overflow-hidden position-relative h-element\"><div class=\"h-global-transition-all colibri-post-thumbnail-shortcode style-dynamic-4202-c19-height\">            <a href=\"https:\/\/www.faltabancuatrogotas.com\/nwf4g\/2026\/04\/07\/manuel-pedrayes-en-la-i-fiesta-del-motor-sariegos-22-de-noviembre-de-2025\/\" title=\"Manuel Pedrayes en la I Fiesta del Motor Sariegos &#8211; 22 de noviembre de 2025\">\n\t\t\t\t<img loading=\"lazy\" decoding=\"async\" width=\"2048\" height=\"946\" src=\"https:\/\/www.faltabancuatrogotas.com\/nwf4g\/wp-content\/uploads\/2026\/04\/IMG-20260319-WA0011.jpg\" class=\"attachment-post-thumbnail size-post-thumbnail wp-post-image\" alt=\"\" srcset=\"https:\/\/www.faltabancuatrogotas.com\/nwf4g\/wp-content\/uploads\/2026\/04\/IMG-20260319-WA0011.jpg 2048w, https:\/\/www.faltabancuatrogotas.com\/nwf4g\/wp-content\/uploads\/2026\/04\/IMG-20260319-WA0011-300x139.jpg 300w, https:\/\/www.faltabancuatrogotas.com\/nwf4g\/wp-content\/uploads\/2026\/04\/IMG-20260319-WA0011-1024x473.jpg 1024w, https:\/\/www.faltabancuatrogotas.com\/nwf4g\/wp-content\/uploads\/2026\/04\/IMG-20260319-WA0011-768x355.jpg 768w, https:\/\/www.faltabancuatrogotas.com\/nwf4g\/wp-content\/uploads\/2026\/04\/IMG-20260319-WA0011-1536x710.jpg 1536w\" sizes=\"auto, (max-width: 2048px) 100vw, 2048px\" \/>            <\/a>\n\t\t\t<\/div> <div class=\"colibri-post-thumbnail-content align-items-lg-center align-items-md-center align-items-center flex-basis-100\"><div class=\"w-100 h-y-container\"> <\/div><\/div><\/div><div data-colibri-id=\"4202-c20\" class=\"h-row-container gutters-row-lg-2 gutters-row-md-2 gutters-row-2 gutters-row-v-lg-2 gutters-row-v-md-2 gutters-row-v-2 style-392 style-local-4202-c20 position-relative\"><div class=\"h-row justify-content-lg-center justify-content-md-center justify-content-center align-items-lg-stretch align-items-md-stretch align-items-stretch gutters-col-lg-2 gutters-col-md-2 gutters-col-2 gutters-col-v-lg-2 gutters-col-v-md-2 gutters-col-v-2\"> <div class=\"h-column h-column-container d-flex h-col-lg h-col-md h-col-auto style-393-outer style-local-4202-c21-outer\"><div data-colibri-id=\"4202-c21\" class=\"d-flex h-flex-basis h-column__inner h-px-lg-2 h-px-md-2 h-px-2 v-inner-lg-2 v-inner-md-2 v-inner-2 style-393 style-local-4202-c21 position-relative\"> <div class=\"w-100 h-y-container h-column__content h-column__v-align flex-basis-100 align-self-lg-start align-self-md-start align-self-start\"> <div data-colibri-id=\"4202-c22\" class=\"h-blog-categories style-394 style-local-4202-c22 position-relative h-element\"><div class=\"h-global-transition-all\"><a class=\"d-inline-block colibri-post-category\" href=\"https:\/\/www.faltabancuatrogotas.com\/nwf4g\/category\/plilotos\/temporada-2025\/\">Temporada 2025<\/a><\/div><\/div><div data-colibri-id=\"4202-c23\" class=\"h-blog-title style-395 style-local-4202-c23 position-relative h-element\"><div class=\"h-global-transition-all\"><a href=\"https:\/\/www.faltabancuatrogotas.com\/nwf4g\/2026\/04\/07\/manuel-pedrayes-en-la-i-fiesta-del-motor-sariegos-22-de-noviembre-de-2025\/\"><h4 class=\"colibri-word-wrap\">Manuel Pedrayes en la I Fiesta del Motor Sariegos &#8211; 22 de noviembre de 2025<\/h4><\/a><\/div><\/div><div data-colibri-id=\"4202-c24\" class=\"style-396 style-local-4202-c24 position-relative h-element\"><div class=\"h-global-transition-all\"><div class=\"colibri-post-excerpt\">Con la \u00fanica intenci\u00f3n de dar mucho espect\u00e1culo y disfrutar, se iba Manu a Le\u00f3n, terminando las tres pasadas con el objetivo cumplido y con unos tiempos anecd\u00f3ticos y regulares que le manten\u00edan entre el puesto 24 de entrenamientos y el trig\u00e9simo final que consigui\u00f3 en [&hellip;]<\/div><\/div><\/div><\/div><\/div><\/div><\/div><\/div><div data-colibri-id=\"4202-c25\" class=\"h-row-container gutters-row-lg-2 gutters-row-md-2 gutters-row-2 gutters-row-v-lg-2 gutters-row-v-md-2 gutters-row-v-2 style-397 style-local-4202-c25 position-relative\"><div class=\"h-row justify-content-lg-center justify-content-md-center justify-content-center align-items-lg-stretch align-items-md-stretch align-items-stretch gutters-col-lg-2 gutters-col-md-2 gutters-col-2 gutters-col-v-lg-2 gutters-col-v-md-2 gutters-col-v-2\"> <div class=\"h-column h-column-container d-flex h-col-lg h-col-md h-col style-398-outer style-local-4202-c26-outer\"><div data-colibri-id=\"4202-c26\" class=\"d-flex h-flex-basis h-column__inner h-px-lg-2 h-px-md-2 h-px-2 v-inner-lg-0 v-inner-md-0 v-inner-0 style-398 style-local-4202-c26 position-relative\"> <div class=\"w-100 h-y-container h-column__content h-column__v-align flex-basis-100 align-self-lg-center align-self-md-center align-self-center\"> <div data-colibri-id=\"4202-c27\" class=\"h-blog-meta style-399 style-local-4202-c27 position-relative h-element\"><div class=\"metadata-item\"><span class=\"metadata-prefix\">by<\/span> <a href=\"https:\/\/www.faltabancuatrogotas.com\/nwf4g\/author\/hugo-gonzalez\/\">Hugo Gonz\u00e1lez<\/a> <span class=\"meta-separator\"><\/span><\/div><div class=\"metadata-item\"><span class=\"metadata-prefix\">on<\/span> <a href=\"https:\/\/www.faltabancuatrogotas.com\/nwf4g\/2026\/04\/07\/\">Abr 7<\/a><\/div><\/div><\/div><\/div><\/div><div class=\"h-column h-column-container d-flex h-col-lg-auto h-col-md-auto h-col-auto style-400-outer style-local-4202-c28-outer\"><div data-colibri-id=\"4202-c28\" class=\"d-flex h-flex-basis h-column__inner h-px-lg-2 h-px-md-2 h-px-2 v-inner-lg-0 v-inner-md-0 v-inner-0 style-400 style-local-4202-c28 position-relative\"> <div class=\"w-100 h-y-container h-column__content h-column__v-align flex-basis-auto align-self-lg-center align-self-md-center align-self-center\"> <div data-colibri-id=\"4202-c29\" class=\"h-x-container style-401 style-local-4202-c29 position-relative h-element\"><div class=\"h-x-container-inner style-dynamic-4202-c29-group\"><span class=\"h-button__outer style-402-outer style-local-4202-c30-outer d-inline-flex h-element\"><a href=\"https:\/\/www.faltabancuatrogotas.com\/nwf4g\/2026\/04\/07\/manuel-pedrayes-en-la-i-fiesta-del-motor-sariegos-22-de-noviembre-de-2025\/\" data-colibri-id=\"4202-c30\" class=\"d-flex w-100 align-items-center h-button justify-content-lg-center justify-content-md-center justify-content-center style-402 style-local-4202-c30 position-relative\"> <span>Read more<\/span> <span class=\"h-svg-icon h-button__icon style-402-icon style-local-4202-c30-icon\"><svg version=\"1.1\" xmlns=\"http:\/\/www.w3.org\/2000\/svg\" xmlns:xlink=\"http:\/\/www.w3.org\/1999\/xlink\" id=\"arrow-right\" viewBox=\"0 0 512 545.5\"><path d=\"M299.5 140.5l136 136 11 11.5-11 11.5-136 136-23-23L385 304H64v-32h321L276.5 163.5z\"><\/path><\/svg><\/span><\/a><\/span><\/div><\/div><\/div><\/div><\/div><\/div><\/div><\/div><\/div><\/div>\n      \n      \n        <div class=\"h-column h-column-container d-flex h-col-lg-4 h-col-md-6 h-col-12 post-5224 post type-post status-publish format-standard has-post-thumbnail hentry category-temporada-2025 masonry-item style-390-outer style-local-4202-c18-outer\"><div data-colibri-id=\"4202-c18\" class=\"d-flex h-flex-basis h-column__inner h-px-lg-2 h-px-md-2 h-px-2 v-inner-lg-2 v-inner-md-2 v-inner-2 style-390 style-local-4202-c18 position-relative\"> <div class=\"w-100 h-y-container h-column__content h-column__v-align flex-basis-100 align-self-lg-start align-self-md-start align-self-start\"> <div data-href=\"https:\/\/www.faltabancuatrogotas.com\/nwf4g\/2026\/03\/18\/ruben-bousono-en-el-iii-tramo-de-tierra-los-dolmenes-22-de-noviembre-de-2025\/\" data-colibri-component=\"link\" data-colibri-id=\"4202-c19\" class=\"colibri-post-thumbnail colibri-post-has-thumbnail style-391 style-local-4202-c19 h-overflow-hidden position-relative h-element\"><div class=\"h-global-transition-all colibri-post-thumbnail-shortcode style-dynamic-4202-c19-height\">            <a href=\"https:\/\/www.faltabancuatrogotas.com\/nwf4g\/2026\/03\/18\/ruben-bousono-en-el-iii-tramo-de-tierra-los-dolmenes-22-de-noviembre-de-2025\/\" title=\"Rub\u00e9n Bouso\u00f1o en el III Tramo de Tierra Los D\u00f3lmenes &#8211; 22 de noviembre de 2025\">\n\t\t\t\t<img loading=\"lazy\" decoding=\"async\" width=\"960\" height=\"720\" src=\"https:\/\/www.faltabancuatrogotas.com\/nwf4g\/wp-content\/uploads\/2026\/03\/FB_IMG_1772955308614.jpg\" class=\"attachment-post-thumbnail size-post-thumbnail wp-post-image\" alt=\"\" srcset=\"https:\/\/www.faltabancuatrogotas.com\/nwf4g\/wp-content\/uploads\/2026\/03\/FB_IMG_1772955308614.jpg 960w, https:\/\/www.faltabancuatrogotas.com\/nwf4g\/wp-content\/uploads\/2026\/03\/FB_IMG_1772955308614-300x225.jpg 300w, https:\/\/www.faltabancuatrogotas.com\/nwf4g\/wp-content\/uploads\/2026\/03\/FB_IMG_1772955308614-768x576.jpg 768w\" sizes=\"auto, (max-width: 960px) 100vw, 960px\" \/>            <\/a>\n\t\t\t<\/div> <div class=\"colibri-post-thumbnail-content align-items-lg-center align-items-md-center align-items-center flex-basis-100\"><div class=\"w-100 h-y-container\"> <\/div><\/div><\/div><div data-colibri-id=\"4202-c20\" class=\"h-row-container gutters-row-lg-2 gutters-row-md-2 gutters-row-2 gutters-row-v-lg-2 gutters-row-v-md-2 gutters-row-v-2 style-392 style-local-4202-c20 position-relative\"><div class=\"h-row justify-content-lg-center justify-content-md-center justify-content-center align-items-lg-stretch align-items-md-stretch align-items-stretch gutters-col-lg-2 gutters-col-md-2 gutters-col-2 gutters-col-v-lg-2 gutters-col-v-md-2 gutters-col-v-2\"> <div class=\"h-column h-column-container d-flex h-col-lg h-col-md h-col-auto style-393-outer style-local-4202-c21-outer\"><div data-colibri-id=\"4202-c21\" class=\"d-flex h-flex-basis h-column__inner h-px-lg-2 h-px-md-2 h-px-2 v-inner-lg-2 v-inner-md-2 v-inner-2 style-393 style-local-4202-c21 position-relative\"> <div class=\"w-100 h-y-container h-column__content h-column__v-align flex-basis-100 align-self-lg-start align-self-md-start align-self-start\"> <div data-colibri-id=\"4202-c22\" class=\"h-blog-categories style-394 style-local-4202-c22 position-relative h-element\"><div class=\"h-global-transition-all\"><a class=\"d-inline-block colibri-post-category\" href=\"https:\/\/www.faltabancuatrogotas.com\/nwf4g\/category\/plilotos\/temporada-2025\/\">Temporada 2025<\/a><\/div><\/div><div data-colibri-id=\"4202-c23\" class=\"h-blog-title style-395 style-local-4202-c23 position-relative h-element\"><div class=\"h-global-transition-all\"><a href=\"https:\/\/www.faltabancuatrogotas.com\/nwf4g\/2026\/03\/18\/ruben-bousono-en-el-iii-tramo-de-tierra-los-dolmenes-22-de-noviembre-de-2025\/\"><h4 class=\"colibri-word-wrap\">Rub\u00e9n Bouso\u00f1o en el III Tramo de Tierra Los D\u00f3lmenes &#8211; 22 de noviembre de 2025<\/h4><\/a><\/div><\/div><div data-colibri-id=\"4202-c24\" class=\"style-396 style-local-4202-c24 position-relative h-element\"><div class=\"h-global-transition-all\"><div class=\"colibri-post-excerpt\">Con broche de oro cerraba esta primera temporada Rub\u00e9n, que ya era segundo en la primera pasada con un 7:04.475 que en la segunda bajar\u00eda hasta los 6:58.824, apretando un poco m\u00e1s en la \u00faltima para ser 1.5&#8243; m\u00e1s r\u00e1pido y firmar un nuevo segundo puesto, [&hellip;]<\/div><\/div><\/div><\/div><\/div><\/div><\/div><\/div><div data-colibri-id=\"4202-c25\" class=\"h-row-container gutters-row-lg-2 gutters-row-md-2 gutters-row-2 gutters-row-v-lg-2 gutters-row-v-md-2 gutters-row-v-2 style-397 style-local-4202-c25 position-relative\"><div class=\"h-row justify-content-lg-center justify-content-md-center justify-content-center align-items-lg-stretch align-items-md-stretch align-items-stretch gutters-col-lg-2 gutters-col-md-2 gutters-col-2 gutters-col-v-lg-2 gutters-col-v-md-2 gutters-col-v-2\"> <div class=\"h-column h-column-container d-flex h-col-lg h-col-md h-col style-398-outer style-local-4202-c26-outer\"><div data-colibri-id=\"4202-c26\" class=\"d-flex h-flex-basis h-column__inner h-px-lg-2 h-px-md-2 h-px-2 v-inner-lg-0 v-inner-md-0 v-inner-0 style-398 style-local-4202-c26 position-relative\"> <div class=\"w-100 h-y-container h-column__content h-column__v-align flex-basis-100 align-self-lg-center align-self-md-center align-self-center\"> <div data-colibri-id=\"4202-c27\" class=\"h-blog-meta style-399 style-local-4202-c27 position-relative h-element\"><div class=\"metadata-item\"><span class=\"metadata-prefix\">by<\/span> <a href=\"https:\/\/www.faltabancuatrogotas.com\/nwf4g\/author\/hugo-gonzalez\/\">Hugo Gonz\u00e1lez<\/a> <span class=\"meta-separator\"><\/span><\/div><div class=\"metadata-item\"><span class=\"metadata-prefix\">on<\/span> <a href=\"https:\/\/www.faltabancuatrogotas.com\/nwf4g\/2026\/03\/18\/\">Mar 18<\/a><\/div><\/div><\/div><\/div><\/div><div class=\"h-column h-column-container d-flex h-col-lg-auto h-col-md-auto h-col-auto style-400-outer style-local-4202-c28-outer\"><div data-colibri-id=\"4202-c28\" class=\"d-flex h-flex-basis h-column__inner h-px-lg-2 h-px-md-2 h-px-2 v-inner-lg-0 v-inner-md-0 v-inner-0 style-400 style-local-4202-c28 position-relative\"> <div class=\"w-100 h-y-container h-column__content h-column__v-align flex-basis-auto align-self-lg-center align-self-md-center align-self-center\"> <div data-colibri-id=\"4202-c29\" class=\"h-x-container style-401 style-local-4202-c29 position-relative h-element\"><div class=\"h-x-container-inner style-dynamic-4202-c29-group\"><span class=\"h-button__outer style-402-outer style-local-4202-c30-outer d-inline-flex h-element\"><a href=\"https:\/\/www.faltabancuatrogotas.com\/nwf4g\/2026\/03\/18\/ruben-bousono-en-el-iii-tramo-de-tierra-los-dolmenes-22-de-noviembre-de-2025\/\" data-colibri-id=\"4202-c30\" class=\"d-flex w-100 align-items-center h-button justify-content-lg-center justify-content-md-center justify-content-center style-402 style-local-4202-c30 position-relative\"> <span>Read more<\/span> <span class=\"h-svg-icon h-button__icon style-402-icon style-local-4202-c30-icon\"><svg version=\"1.1\" xmlns=\"http:\/\/www.w3.org\/2000\/svg\" xmlns:xlink=\"http:\/\/www.w3.org\/1999\/xlink\" id=\"arrow-right\" viewBox=\"0 0 512 545.5\"><path d=\"M299.5 140.5l136 136 11 11.5-11 11.5-136 136-23-23L385 304H64v-32h321L276.5 163.5z\"><\/path><\/svg><\/span><\/a><\/span><\/div><\/div><\/div><\/div><\/div><\/div><\/div><\/div><\/div><\/div>\n      \n      \n        <div class=\"h-column h-column-container d-flex h-col-lg-4 h-col-md-6 h-col-12 post-5220 post type-post status-publish format-standard has-post-thumbnail hentry category-temporada-2025 masonry-item style-390-outer style-local-4202-c18-outer\"><div data-colibri-id=\"4202-c18\" class=\"d-flex h-flex-basis h-column__inner h-px-lg-2 h-px-md-2 h-px-2 v-inner-lg-2 v-inner-md-2 v-inner-2 style-390 style-local-4202-c18 position-relative\"> <div class=\"w-100 h-y-container h-column__content h-column__v-align flex-basis-100 align-self-lg-start align-self-md-start align-self-start\"> <div data-href=\"https:\/\/www.faltabancuatrogotas.com\/nwf4g\/2026\/03\/18\/yeray-gonzalez-en-el-iii-tramo-de-tierra-los-dolmenes-22-de-noviembre-de-2025\/\" data-colibri-component=\"link\" data-colibri-id=\"4202-c19\" class=\"colibri-post-thumbnail colibri-post-has-thumbnail style-391 style-local-4202-c19 h-overflow-hidden position-relative h-element\"><div class=\"h-global-transition-all colibri-post-thumbnail-shortcode style-dynamic-4202-c19-height\">            <a href=\"https:\/\/www.faltabancuatrogotas.com\/nwf4g\/2026\/03\/18\/yeray-gonzalez-en-el-iii-tramo-de-tierra-los-dolmenes-22-de-noviembre-de-2025\/\" title=\"Yeray Gonz\u00e1lez en el III Tramo de Tierra Los D\u00f3lmenes &#8211; 22 de noviembre de 2025\">\n\t\t\t\t<img loading=\"lazy\" decoding=\"async\" width=\"960\" height=\"720\" src=\"https:\/\/www.faltabancuatrogotas.com\/nwf4g\/wp-content\/uploads\/2026\/03\/FB_IMG_1772955335682.jpg\" class=\"attachment-post-thumbnail size-post-thumbnail wp-post-image\" alt=\"\" srcset=\"https:\/\/www.faltabancuatrogotas.com\/nwf4g\/wp-content\/uploads\/2026\/03\/FB_IMG_1772955335682.jpg 960w, https:\/\/www.faltabancuatrogotas.com\/nwf4g\/wp-content\/uploads\/2026\/03\/FB_IMG_1772955335682-300x225.jpg 300w, https:\/\/www.faltabancuatrogotas.com\/nwf4g\/wp-content\/uploads\/2026\/03\/FB_IMG_1772955335682-768x576.jpg 768w\" sizes=\"auto, (max-width: 960px) 100vw, 960px\" \/>            <\/a>\n\t\t\t<\/div> <div class=\"colibri-post-thumbnail-content align-items-lg-center align-items-md-center align-items-center flex-basis-100\"><div class=\"w-100 h-y-container\"> <\/div><\/div><\/div><div data-colibri-id=\"4202-c20\" class=\"h-row-container gutters-row-lg-2 gutters-row-md-2 gutters-row-2 gutters-row-v-lg-2 gutters-row-v-md-2 gutters-row-v-2 style-392 style-local-4202-c20 position-relative\"><div class=\"h-row justify-content-lg-center justify-content-md-center justify-content-center align-items-lg-stretch align-items-md-stretch align-items-stretch gutters-col-lg-2 gutters-col-md-2 gutters-col-2 gutters-col-v-lg-2 gutters-col-v-md-2 gutters-col-v-2\"> <div class=\"h-column h-column-container d-flex h-col-lg h-col-md h-col-auto style-393-outer style-local-4202-c21-outer\"><div data-colibri-id=\"4202-c21\" class=\"d-flex h-flex-basis h-column__inner h-px-lg-2 h-px-md-2 h-px-2 v-inner-lg-2 v-inner-md-2 v-inner-2 style-393 style-local-4202-c21 position-relative\"> <div class=\"w-100 h-y-container h-column__content h-column__v-align flex-basis-100 align-self-lg-start align-self-md-start align-self-start\"> <div data-colibri-id=\"4202-c22\" class=\"h-blog-categories style-394 style-local-4202-c22 position-relative h-element\"><div class=\"h-global-transition-all\"><a class=\"d-inline-block colibri-post-category\" href=\"https:\/\/www.faltabancuatrogotas.com\/nwf4g\/category\/plilotos\/temporada-2025\/\">Temporada 2025<\/a><\/div><\/div><div data-colibri-id=\"4202-c23\" class=\"h-blog-title style-395 style-local-4202-c23 position-relative h-element\"><div class=\"h-global-transition-all\"><a href=\"https:\/\/www.faltabancuatrogotas.com\/nwf4g\/2026\/03\/18\/yeray-gonzalez-en-el-iii-tramo-de-tierra-los-dolmenes-22-de-noviembre-de-2025\/\"><h4 class=\"colibri-word-wrap\">Yeray Gonz\u00e1lez en el III Tramo de Tierra Los D\u00f3lmenes &#8211; 22 de noviembre de 2025<\/h4><\/a><\/div><\/div><div data-colibri-id=\"4202-c24\" class=\"style-396 style-local-4202-c24 position-relative h-element\"><div class=\"h-global-transition-all\"><div class=\"colibri-post-excerpt\">Dif\u00edcil debut para Yeray en Tierra, que comenzaba con problemas el\u00e9ctricos que le retrasaban mucho en la primera pasada, le imped\u00edan salir en la segunda y terminaban por obligarle a abandonar en la \u00faltima a unos 2Km de meta.<\/div><\/div><\/div><\/div><\/div><\/div><\/div><\/div><div data-colibri-id=\"4202-c25\" class=\"h-row-container gutters-row-lg-2 gutters-row-md-2 gutters-row-2 gutters-row-v-lg-2 gutters-row-v-md-2 gutters-row-v-2 style-397 style-local-4202-c25 position-relative\"><div class=\"h-row justify-content-lg-center justify-content-md-center justify-content-center align-items-lg-stretch align-items-md-stretch align-items-stretch gutters-col-lg-2 gutters-col-md-2 gutters-col-2 gutters-col-v-lg-2 gutters-col-v-md-2 gutters-col-v-2\"> <div class=\"h-column h-column-container d-flex h-col-lg h-col-md h-col style-398-outer style-local-4202-c26-outer\"><div data-colibri-id=\"4202-c26\" class=\"d-flex h-flex-basis h-column__inner h-px-lg-2 h-px-md-2 h-px-2 v-inner-lg-0 v-inner-md-0 v-inner-0 style-398 style-local-4202-c26 position-relative\"> <div class=\"w-100 h-y-container h-column__content h-column__v-align flex-basis-100 align-self-lg-center align-self-md-center align-self-center\"> <div data-colibri-id=\"4202-c27\" class=\"h-blog-meta style-399 style-local-4202-c27 position-relative h-element\"><div class=\"metadata-item\"><span class=\"metadata-prefix\">by<\/span> <a href=\"https:\/\/www.faltabancuatrogotas.com\/nwf4g\/author\/hugo-gonzalez\/\">Hugo Gonz\u00e1lez<\/a> <span class=\"meta-separator\"><\/span><\/div><div class=\"metadata-item\"><span class=\"metadata-prefix\">on<\/span> <a href=\"https:\/\/www.faltabancuatrogotas.com\/nwf4g\/2026\/03\/18\/\">Mar 18<\/a><\/div><\/div><\/div><\/div><\/div><div class=\"h-column h-column-container d-flex h-col-lg-auto h-col-md-auto h-col-auto style-400-outer style-local-4202-c28-outer\"><div data-colibri-id=\"4202-c28\" class=\"d-flex h-flex-basis h-column__inner h-px-lg-2 h-px-md-2 h-px-2 v-inner-lg-0 v-inner-md-0 v-inner-0 style-400 style-local-4202-c28 position-relative\"> <div class=\"w-100 h-y-container h-column__content h-column__v-align flex-basis-auto align-self-lg-center align-self-md-center align-self-center\"> <div data-colibri-id=\"4202-c29\" class=\"h-x-container style-401 style-local-4202-c29 position-relative h-element\"><div class=\"h-x-container-inner style-dynamic-4202-c29-group\"><span class=\"h-button__outer style-402-outer style-local-4202-c30-outer d-inline-flex h-element\"><a href=\"https:\/\/www.faltabancuatrogotas.com\/nwf4g\/2026\/03\/18\/yeray-gonzalez-en-el-iii-tramo-de-tierra-los-dolmenes-22-de-noviembre-de-2025\/\" data-colibri-id=\"4202-c30\" class=\"d-flex w-100 align-items-center h-button justify-content-lg-center justify-content-md-center justify-content-center style-402 style-local-4202-c30 position-relative\"> <span>Read more<\/span> <span class=\"h-svg-icon h-button__icon style-402-icon style-local-4202-c30-icon\"><svg version=\"1.1\" xmlns=\"http:\/\/www.w3.org\/2000\/svg\" xmlns:xlink=\"http:\/\/www.w3.org\/1999\/xlink\" id=\"arrow-right\" viewBox=\"0 0 512 545.5\"><path d=\"M299.5 140.5l136 136 11 11.5-11 11.5-136 136-23-23L385 304H64v-32h321L276.5 163.5z\"><\/path><\/svg><\/span><\/a><\/span><\/div><\/div><\/div><\/div><\/div><\/div><\/div><\/div><\/div><\/div>\n      \n      \n        <div class=\"h-column h-column-container d-flex h-col-lg-4 h-col-md-6 h-col-12 post-5216 post type-post status-publish format-standard has-post-thumbnail hentry category-temporada-2025 masonry-item style-390-outer style-local-4202-c18-outer\"><div data-colibri-id=\"4202-c18\" class=\"d-flex h-flex-basis h-column__inner h-px-lg-2 h-px-md-2 h-px-2 v-inner-lg-2 v-inner-md-2 v-inner-2 style-390 style-local-4202-c18 position-relative\"> <div class=\"w-100 h-y-container h-column__content h-column__v-align flex-basis-100 align-self-lg-start align-self-md-start align-self-start\"> <div data-href=\"https:\/\/www.faltabancuatrogotas.com\/nwf4g\/2026\/03\/08\/felipe-garcia-y-martina-iglesias-en-el-xiv-rallysprint-villa-de-luarca-2-de-noviembre-de-2025\/\" data-colibri-component=\"link\" data-colibri-id=\"4202-c19\" class=\"colibri-post-thumbnail colibri-post-has-thumbnail style-391 style-local-4202-c19 h-overflow-hidden position-relative h-element\"><div class=\"h-global-transition-all colibri-post-thumbnail-shortcode style-dynamic-4202-c19-height\">            <a href=\"https:\/\/www.faltabancuatrogotas.com\/nwf4g\/2026\/03\/08\/felipe-garcia-y-martina-iglesias-en-el-xiv-rallysprint-villa-de-luarca-2-de-noviembre-de-2025\/\" title=\"Felipe Garc\u00eda y Martina Iglesias en el XIV Rallysprint Villa de Luarca &#8211; 2 de noviembre de 2025\">\n\t\t\t\t<img loading=\"lazy\" decoding=\"async\" width=\"2034\" height=\"1356\" src=\"https:\/\/www.faltabancuatrogotas.com\/nwf4g\/wp-content\/uploads\/2026\/03\/FB_IMG_1771985922082.jpg\" class=\"attachment-post-thumbnail size-post-thumbnail wp-post-image\" alt=\"\" srcset=\"https:\/\/www.faltabancuatrogotas.com\/nwf4g\/wp-content\/uploads\/2026\/03\/FB_IMG_1771985922082.jpg 2034w, https:\/\/www.faltabancuatrogotas.com\/nwf4g\/wp-content\/uploads\/2026\/03\/FB_IMG_1771985922082-300x200.jpg 300w, https:\/\/www.faltabancuatrogotas.com\/nwf4g\/wp-content\/uploads\/2026\/03\/FB_IMG_1771985922082-1024x683.jpg 1024w, https:\/\/www.faltabancuatrogotas.com\/nwf4g\/wp-content\/uploads\/2026\/03\/FB_IMG_1771985922082-768x512.jpg 768w, https:\/\/www.faltabancuatrogotas.com\/nwf4g\/wp-content\/uploads\/2026\/03\/FB_IMG_1771985922082-1536x1024.jpg 1536w\" sizes=\"auto, (max-width: 2034px) 100vw, 2034px\" \/>            <\/a>\n\t\t\t<\/div> <div class=\"colibri-post-thumbnail-content align-items-lg-center align-items-md-center align-items-center flex-basis-100\"><div class=\"w-100 h-y-container\"> <\/div><\/div><\/div><div data-colibri-id=\"4202-c20\" class=\"h-row-container gutters-row-lg-2 gutters-row-md-2 gutters-row-2 gutters-row-v-lg-2 gutters-row-v-md-2 gutters-row-v-2 style-392 style-local-4202-c20 position-relative\"><div class=\"h-row justify-content-lg-center justify-content-md-center justify-content-center align-items-lg-stretch align-items-md-stretch align-items-stretch gutters-col-lg-2 gutters-col-md-2 gutters-col-2 gutters-col-v-lg-2 gutters-col-v-md-2 gutters-col-v-2\"> <div class=\"h-column h-column-container d-flex h-col-lg h-col-md h-col-auto style-393-outer style-local-4202-c21-outer\"><div data-colibri-id=\"4202-c21\" class=\"d-flex h-flex-basis h-column__inner h-px-lg-2 h-px-md-2 h-px-2 v-inner-lg-2 v-inner-md-2 v-inner-2 style-393 style-local-4202-c21 position-relative\"> <div class=\"w-100 h-y-container h-column__content h-column__v-align flex-basis-100 align-self-lg-start align-self-md-start align-self-start\"> <div data-colibri-id=\"4202-c22\" class=\"h-blog-categories style-394 style-local-4202-c22 position-relative h-element\"><div class=\"h-global-transition-all\"><a class=\"d-inline-block colibri-post-category\" href=\"https:\/\/www.faltabancuatrogotas.com\/nwf4g\/category\/plilotos\/temporada-2025\/\">Temporada 2025<\/a><\/div><\/div><div data-colibri-id=\"4202-c23\" class=\"h-blog-title style-395 style-local-4202-c23 position-relative h-element\"><div class=\"h-global-transition-all\"><a href=\"https:\/\/www.faltabancuatrogotas.com\/nwf4g\/2026\/03\/08\/felipe-garcia-y-martina-iglesias-en-el-xiv-rallysprint-villa-de-luarca-2-de-noviembre-de-2025\/\"><h4 class=\"colibri-word-wrap\">Felipe Garc\u00eda y Martina Iglesias en el XIV Rallysprint Villa de Luarca &#8211; 2 de noviembre de 2025<\/h4><\/a><\/div><\/div><div data-colibri-id=\"4202-c24\" class=\"style-396 style-local-4202-c24 position-relative h-element\"><div class=\"h-global-transition-all\"><div class=\"colibri-post-excerpt\">Con la primera pasada neutralizada, sal\u00edan a la segunda a disfrutar del tramo e ir probando cosas para mejorar el coche, marcando un 10:01.7 que les colocaba moment\u00e1neamente en el puesto 32, bajando su propio crono en 7&#8243; en la definitiva, para subir al puesto 28, [&hellip;]<\/div><\/div><\/div><\/div><\/div><\/div><\/div><\/div><div data-colibri-id=\"4202-c25\" class=\"h-row-container gutters-row-lg-2 gutters-row-md-2 gutters-row-2 gutters-row-v-lg-2 gutters-row-v-md-2 gutters-row-v-2 style-397 style-local-4202-c25 position-relative\"><div class=\"h-row justify-content-lg-center justify-content-md-center justify-content-center align-items-lg-stretch align-items-md-stretch align-items-stretch gutters-col-lg-2 gutters-col-md-2 gutters-col-2 gutters-col-v-lg-2 gutters-col-v-md-2 gutters-col-v-2\"> <div class=\"h-column h-column-container d-flex h-col-lg h-col-md h-col style-398-outer style-local-4202-c26-outer\"><div data-colibri-id=\"4202-c26\" class=\"d-flex h-flex-basis h-column__inner h-px-lg-2 h-px-md-2 h-px-2 v-inner-lg-0 v-inner-md-0 v-inner-0 style-398 style-local-4202-c26 position-relative\"> <div class=\"w-100 h-y-container h-column__content h-column__v-align flex-basis-100 align-self-lg-center align-self-md-center align-self-center\"> <div data-colibri-id=\"4202-c27\" class=\"h-blog-meta style-399 style-local-4202-c27 position-relative h-element\"><div class=\"metadata-item\"><span class=\"metadata-prefix\">by<\/span> <a href=\"https:\/\/www.faltabancuatrogotas.com\/nwf4g\/author\/hugo-gonzalez\/\">Hugo Gonz\u00e1lez<\/a> <span class=\"meta-separator\"><\/span><\/div><div class=\"metadata-item\"><span class=\"metadata-prefix\">on<\/span> <a href=\"https:\/\/www.faltabancuatrogotas.com\/nwf4g\/2026\/03\/08\/\">Mar 8<\/a><\/div><\/div><\/div><\/div><\/div><div class=\"h-column h-column-container d-flex h-col-lg-auto h-col-md-auto h-col-auto style-400-outer style-local-4202-c28-outer\"><div data-colibri-id=\"4202-c28\" class=\"d-flex h-flex-basis h-column__inner h-px-lg-2 h-px-md-2 h-px-2 v-inner-lg-0 v-inner-md-0 v-inner-0 style-400 style-local-4202-c28 position-relative\"> <div class=\"w-100 h-y-container h-column__content h-column__v-align flex-basis-auto align-self-lg-center align-self-md-center align-self-center\"> <div data-colibri-id=\"4202-c29\" class=\"h-x-container style-401 style-local-4202-c29 position-relative h-element\"><div class=\"h-x-container-inner style-dynamic-4202-c29-group\"><span class=\"h-button__outer style-402-outer style-local-4202-c30-outer d-inline-flex h-element\"><a href=\"https:\/\/www.faltabancuatrogotas.com\/nwf4g\/2026\/03\/08\/felipe-garcia-y-martina-iglesias-en-el-xiv-rallysprint-villa-de-luarca-2-de-noviembre-de-2025\/\" data-colibri-id=\"4202-c30\" class=\"d-flex w-100 align-items-center h-button justify-content-lg-center justify-content-md-center justify-content-center style-402 style-local-4202-c30 position-relative\"> <span>Read more<\/span> <span class=\"h-svg-icon h-button__icon style-402-icon style-local-4202-c30-icon\"><svg version=\"1.1\" xmlns=\"http:\/\/www.w3.org\/2000\/svg\" xmlns:xlink=\"http:\/\/www.w3.org\/1999\/xlink\" id=\"arrow-right\" viewBox=\"0 0 512 545.5\"><path d=\"M299.5 140.5l136 136 11 11.5-11 11.5-136 136-23-23L385 304H64v-32h321L276.5 163.5z\"><\/path><\/svg><\/span><\/a><\/span><\/div><\/div><\/div><\/div><\/div><\/div><\/div><\/div><\/div><\/div>\n      \n      \n          <\/div>\n      <\/div>\n    <\/div>\n  <\/div>\n<\/div>","protected":false},"excerpt":{"rendered":"","protected":false},"author":1,"featured_media":0,"parent":0,"menu_order":0,"comment_status":"closed","ping_status":"closed","template":"page-templates\/homepage.php","meta":{"jetpack_post_was_ever_published":false,"footnotes":""},"class_list":["post-4202","page","type-page","status-publish","hentry"],"jetpack_sharing_enabled":true,"_links":{"self":[{"href":"https:\/\/www.faltabancuatrogotas.com\/nwf4g\/wp-json\/wp\/v2\/pages\/4202","targetHints":{"allow":["GET"]}}],"collection":[{"href":"https:\/\/www.faltabancuatrogotas.com\/nwf4g\/wp-json\/wp\/v2\/pages"}],"about":[{"href":"https:\/\/www.faltabancuatrogotas.com\/nwf4g\/wp-json\/wp\/v2\/types\/page"}],"author":[{"embeddable":true,"href":"https:\/\/www.faltabancuatrogotas.com\/nwf4g\/wp-json\/wp\/v2\/users\/1"}],"replies":[{"embeddable":true,"href":"https:\/\/www.faltabancuatrogotas.com\/nwf4g\/wp-json\/wp\/v2\/comments?post=4202"}],"version-history":[{"count":19,"href":"https:\/\/www.faltabancuatrogotas.com\/nwf4g\/wp-json\/wp\/v2\/pages\/4202\/revisions"}],"predecessor-version":[{"id":5256,"href":"https:\/\/www.faltabancuatrogotas.com\/nwf4g\/wp-json\/wp\/v2\/pages\/4202\/revisions\/5256"}],"wp:attachment":[{"href":"https:\/\/www.faltabancuatrogotas.com\/nwf4g\/wp-json\/wp\/v2\/media?parent=4202"}],"curies":[{"name":"wp","href":"https:\/\/api.w.org\/{rel}","templated":true}]}}